{"version":"1.0","provider_name":"Vakv\u00e1gta","provider_url":"https:\/\/vakvagta.cafeblog.hu","author_name":"vaszabi","author_url":"https:\/\/vakvagta.cafeblog.hu\/author\/vaszabi-2-2-2-2-2-2-2-2-2-2-2-2-2-2-2-2\/","title":"F\u00e9lszolg\u00e1lat","html":"<p style=\"margin-bottom: 0cm\">Tal\u00e1n siker\u00fclt ism\u00e9t besz\u00e9l\u0151 c\u00edmet adni ennek az irom\u00e1nynak, (majd kider\u00fcl).<\/p>\r\n<p style=\"margin-bottom: 0cm\">El\u0151re szeretn\u00e9m bocs\u00e1jtani hogy nem nem m\u00e9regb\u0151l sz\u00fcletik a bejegyz\u00e9s de a n\u00e9v k\u00f6telez ha vasabi akkor cs\u00edp\u2026<\/p>\r\n<p style=\"margin-bottom: 0cm\"><\/p>\r\n<p style=\"margin-bottom: 0cm\">N\u00e9h\u00e1ny napig ism\u00e9t sz\u00fcl\u0151v\u00e1rosomban tart\u00f3zkodom \u00e9s a Baross h\u00edd lez\u00e1r\u00e1sa engem is \u00e9rz\u00e9kenyen \u00e9rint. Kor\u00e1bban m\u00e1r bej\u00e1rtuk az \u00fatvonalat ami egy nagy ker\u00fcl\u0151 viszont mint a pudingn\u00e1l is ebben az esetben is \u00e9les helyzetben d\u0151l el hogy mennyire \u201ej\u00f3 di\u00e1k\u201d az ember. Mi\u00e9rt mentem ebben a nagy hidegben a v\u00e1rosba?<\/p>\r\n<p style=\"margin-bottom: 0cm\">K\u00f6lt\u0151i a k\u00e9rd\u00e9s, term\u00e9szetesen \u00fcgyetint\u00e9zni.Van az egyik mobiszolg\u00e1ltat\u00f3n\u00e1l egy intenet el\u0151fizet\u00e9sem \u00e9s az ut\u00f3bbi h\u00e1rom h\u00f3napban nem k\u00fcldtek csekket \u00e9s ponts \u00f6sszeget sem hogy mennyit kellene fizetnem. El\u0151sz\u00f6r a \u201elust\u00e1bb\u201d megold\u00e1st pr\u00f3b\u00e1ltam \u00e9sa \u201ef\u00e9lszolg\u00e1latot\u201d felh\u00edvva szerettem volna megtudni hogy mekkora \u00f6sszeggel vagyok s\u00e1ros \u00e9s hogy i az oa hogy nem kapok csekket vagy legal\u00e1bb is sz\u00e1mlalevelet.H\u00fasz perc v\u00e1rakoz\u00e1s ut\u00e1n kapcsoltak is az \u00fcgyint\u00e9z\u0151h\u00f6z (na igen akia pr\u00e9mium korl\u00e1tlanbesz\u00e9lget\u00e9si csomagban van \u0151 r\u00f6gtn \u00fcgyint\u00e9z\u0151h\u00f6z ker\u00fcl de mi m\u00e1r cakm \u00e1sodlagos \u00fcgyfelek vagyunk) \u00e9s a h\u00f6lgy k\u00e9rdezt a biztons\u00e1gi k\u00f3dom amit nem tudtam prezent\u00e1lni mert m\u00e9g sosem vol r\u00e1 sz\u00fcks\u00e9g \u00e9sn em tudom mit adtm meg jelsz\u00f3 gyan\u00e1nt. Ezut\u00e1n m\u00e1s adatoat \u00e9rt \u00e9s mondtm hogy vagy a gy\u0151ri vagy a sz\u00e9kesfeh\u00e9rv\u00e1ri c\u00edm ami a rendszerben r\u00f6gz\u00edt\u00e9sre ker\u00fclt, de azt mondta hog amit es\u0151 k\u00e9nt em\u00edtettem az nem stimmelt \u00e9s egy h\u00edv\u00e1s alatt csak egyszer k\u00eds\u00e9relhet meg beazonos\u00edtani. Aj\u00e1nltta sz\u00edves figyelmembe tov\u00e1bb\u00e1 a t\u00e1rsas\u00e1g webes fel\u00fclet\u00e9t hogy e-sz\u00e1ml\u00e1t ig\u00e9nyelhetek de k\u00f6z\u00f6ltem vele hogy mivel vak vagyok \u00e9s a fel\u00fclet\u00fck nem akad\u00e1lymentes ez\u00e9rt ez nemj\u00e1rhat\u00f3 \u00fat sz\u00e1momra.<\/p>\r\n<p style=\"margin-bottom: 0cm\">R\u00f6viden \u00e9s t\u00f6m\u00f6ren ler\u00e1zott azt mondta hogy h\u00edvjam \u0151ket m\u00e9getyszer visont \u00e9n err ne voltam hajland\u00f3 mert ism\u00e9t kiv\u00e1rni amire sorra ker\u00fcl\u00f6k na neem\u2026\u0171<\/p>\r\n<p style=\"margin-bottom: 0cm\">Azt ellenben ism\u00e9telgette gyakran hogy ha a sdzerz\u0151d\u00e9sem n\u00e1lamlenne akkr azon szerepel a biztons\u00e1gi sz\u00e1m is.<\/p>\r\n<p style=\"margin-bottom: 0cm\">Lehet nem j\u00f3l ejtettm ki hogy \u201evak vagyok\u201d vagy a \u201el\u00e1t\u00e1sg\u00e1tolt\u201d \u201eseg\u00edts\u00e9ggel \u00e9l\u0151\u201d vagy egy\u00e9b m\u00e1s \u201enagyszer\u0171\u201d kifejez\u00e9st kellett volna haszn\u00e1lni. Arra az elhat\u00e1roz\u00e1sra jutottam erdm\u00e9nyesebb lesz ha szem\u00e9lyesen int\u00e9zem a telefont\u00e1rsas\u00e1g gy\u0151ri egyik \u00e1ltalam is ismert kirendelts\u00e9g\u00e9n ezt a sz\u00e1mlamiz\u00e9ri\u00e1t.<\/p>\r\n<p style=\"margin-bottom: 0cm\">Szuzival fel is kerekedt\u00fcnk \u00e9s r\u00e1m tal\u00e1n jellemz\u0151 m\u00f3don a m\u00f3dos\u00edtott \u00fatvonal azon r\u00e9sz\u00e9t ami bonyolultabb sikerrel abszolv\u00e1ltuk viszont az aut\u00f3buszokn\u00e1l valahogy nem j\u00f3 ir\u00e1nyban keltem \u00e1t egy helyen \u00e9s nem tal\u00e1ltuk az alulj\u00e1r\u00f3t de k\u00f6z\u00f6ns\u00e9g seg\u00edts\u00e9ggel siker\u00fclt a l\u00e9pc\u0151h\u00f6z eljutni. Mivel az esetek t\u00f6bbs\u00e9g\u00e9ben \u00e9n is a Baross h\u00eddon kereszt\u00fcl szoktam menni ezrt a telefon gps navig\u00e1ci\u00f3j\u00e1t h\u00edvtam seg\u00edts\u00e9g\u00fcl annak \u00e9rde\u00e9ben hog j\u00f3kor forduljak be a Baross \u00fat ir\u00e1ny\u00e1ba. Nem is okozott gondot az \u00fczlet megtal\u00e1l\u00e1sa \u00e9s meg\u00e9rz\u00e9s alapj\u00e1n meg\u00e1lltam egy ajt\u00f3 e\u0151tt \u00e9s megk\u00e9rdeztem hogy ez-e az amit keresek \u00e9s l\u00e1ssunk csod\u00e1t pont a szak\u00fczlet ajtaja e\u0151tt voltunk.<\/p>\r\n<p style=\"margin-bottom: 0cm\">A munkat\u00e1rsakra nem\u00e9rv\u00e9nyes hogy csak \u201ef\u00e9lszolg\u00e1atot\u201d l\u00e1ttak volna el mert k\u00e9zs\u00e9gesen elint\u00e9zt\u00e9k hogy ism\u00e9telten \u00e9rkezzen havi sz\u00e1mlalev\u00e9l \u00e9s a pink\u00f3d be\u00fct\u00e9sekor sem azt modtk hogy \u201enyomja meg a z\u00f6ld gombot\u201d hanem hogy a termin\u00e1l jobb als\u00f3 sark\u00e1ban l\u00e9v\u0151t haszn\u00e1ljam.<\/p>\r\n<p style=\"margin-bottom: 0cm\"><\/p>\r\n<p style=\"margin-bottom: 0cm\">Vissza\u00faton tettem egy pr\u00f3b\u00e1t Szuzival (b\u00e1r tudom hogy mindig a gazd\u00e1nak illetve az esetek t\u00f6bbs\u00e9g\u00e9ben a vaknak\/ l\u00e1t\u00e1ss\u00e9r\u00fcltnek kell mondani a seg\u00edt\u0151kutyusnak hogy merre menjen) de az alulj\u00e1r\u00f3 ut\u00e1n hagytam Szuzit \u00e9rv\u00e9nyes\u00fclni k\u00edv\u00e1ncsi voltam \u0151 merre vezet. Dr\u00e1ga kis Kock\u00e1m nem okozott csal\u00f3d\u00e1st mert egy m\u00e1sik \u00fatvonalat v\u00e1lasztott \u00e9s el\u0151sz\u00f6r t\u00e9tova volt azt\u00e1n ahogy \u00e9rezte hogy most hagyom \u0151t \u00e9rv\u00e9nyes\u00fclni egyre gyorsabban ment n\u00e9ha cs\u00f3v\u00e1lt \u00e9s pozit\u00edv meger\u0151s\u00edt\u00e9s k\u00e9r\u00e9se \u00e9rdek\u00e9ben meg-meg b\u00f6kte az orr\u00e1val a combom hogy \u201ena na j\u00f3 \u00fcgyi vagyok?\u201d .<\/p>\r\n<p style=\"margin-bottom: 0cm\"><\/p>\r\n<p style=\"margin-bottom: 0cm\"><\/p>\r\n<p style=\"margin-bottom: 0cm\">Szerencs\u00e9sen majdnem haza is \u00e9rt\u00fcnk de m\u00e9g eszembe jutott hogy bizony szeretn\u00e9k egy mikrofonos fejhallgat\u00f3t \u00e9s egyegy billenty\u0171zetet is v\u00e1s\u00e1rolni ez\u00e9rt az egyik \u00e1ltalam ismet \u00e9s k\u00f6zeli boltba bet\u00e9rt\u00fcnk.<\/p>\r\n<p style=\"margin-bottom: 0cm\">M\u00e1r a bel\u00e9p\u00e9sn\u00e9l az egyik elad\u00f3 sr\u00e1c \u00e9rdekesen viselkedett halk akart lenni de m\u00e9gis hangosan kezdett el arr\u00f3l besz\u00e9lni hogy ezek a kuty\u00e1k milyen \u00fcgyesek \u00e9s hogy \u201eez is\u201d goldi. Halkan megjegyeztem hogy Szuzi labrador retriever de r\u00e1m sem heder\u00edtett. Gyorsan kiguglizte hogy igen a labrador a hetedik legokosabb kutyafajta, magm r\u00e9sz\u00e9r\u0151l ne igaz\u00e1n tartom sokra az ilyen teszteket mert ezek a tesztek szubjekt\u00edvek \u00e9s t\u0151lem egy kutyafajta a sz\u00e1zadik helyen is szerepelhet b\u00e1rmely listn ha a kutyus velem j\u00f3legy\u00fctt tud m\u0171k\u00f6dni.<\/p>\r\n<p style=\"margin-bottom: 0cm\">Az egyik elad\u00f3 nagon seg\u00edt\u0151k\u00e9sz volt\u00e9s mutatot nekem j\u00f3 klaviat\u00far\u00e1kat \u00e9s fejhallgat\u00f3kat sikr\u00fclt is v\u00e1lasztani m\u00e9g extra gombok is j\u00e1rtak a billenty\u0171zethez \u00e9s egy kis kamp\u00f3 amivel ki eet emelni a billenty\u0171ket. Ami picit furca hog az enter<\/p>\r\n<p style=\"margin-bottom: 0cm\">Nem l alak\u00fa\u00e9s a felette l\u00e9v\u0151 \u201e\u0171\u201d bet\u0171 picit nagyobb mint ait megsoktam. Viszont \u00e1ll\u00edt\u00f3la a billenty\u0171k strapab\u00edr\u00f3ak mert j\u00e1t\u00e9kra lett tervezve az eszk\u00f6z.<\/p>\r\n<p style=\"margin-bottom: 0cm\">Sz\u00e9pen el is csomagolt\u00e1k az \u00faj holmikat de az \u00f6r\u00f6mbe a v\u00e9g\u00e9re egy kis \u00fc\u00f6m is vegy\u00fclt mert arra figyeltem fel hogy Szuzi szinte menek\u00fclveugrik hozz\u00e1m, \u00e9 igen ut\u00e1naj\u00f6ttis z a \u201e nagy kutys\u201d elad\u00f3 \u00e9s hars\u00e1nyan \u00e9s el\u00e9gg\u00e9 ap\u00e1ri st\u00edlusbn szinte \u00fcv\u00f6lt\u00f6tt hogy \u201ej\u00e9 em foadja el a kutya a kaj\u00e1t!\u201d\u2026 Gondolhatj\u00e1tok hogy \u00e9rzkenyen \u00e9rintett az eset \u00e9s megkrdeztm hoy mi az oka annak hogy piszk\u00e1lja a dolgoz\u00f3 kuty\u00e1m, amire nyegle v\u00e1aszt kaptam. Montam neki hogy flett\u00e9bb illetlen dolognak tartom ezt \u00e9s el szeetem volna agyar\u00e1zni nei hoymi\u00e9rt is nem \u00fcdv\u00f6z\u00ed\u0151ha egy munkakuty\u00e1t \u201eiz\u00e9lgetnek\u201d de v\u00e1laszr em m\u00e9ltaott. Igz\u00e1b\u00f3l ez eset rosszul \u00e9 ogy nem tudta at mondani hogy \u201eeln\u00e9z\u00e9st\u201d, \u00e9s ehet ke\u00e9nyen foglmaztm de nem llhattam me hogy ne eml\u00edtsem meg neki hogy \u00f6r\u00fclj\u00f6n hogy nem teszek anazt \u00e9s nemadaok neki fegelmit.<\/p>\r\n<p style=\"margin-bottom: 0cm\">Egy ilyen napon amikor t\u00f6bbsz\u00f6r is belefut az ember olyan munkat\u00e1rsba aki abszol\u00fat nem vev\u0151 \u00e9s \u00fcgyf\u00e9lbar\u00e1t megfogalmaz\u00f3dik bennem a k\u00e9rd\u00e9s hogy mi\u00e9rt nincsenek eze a szakm\u00e1k ak\u00e1r elad\u00f3 felszolg\u00e1l\u00f3 \u00fcgyf\u00e9lszolg\u00e1latos megbecs\u00fclve \u00e9s hogy mi lett a k\u00e9pz\u00e9ssel.<\/p>\r\n<p style=\"margin-bottom: 0cm\">Meggy\u0151z\u0151d\u00e9sem hogy sokukban fel sem mer\u00fcl hogy ha \u0151 j\u00f3l v\u00e9gzi a dolg\u00e1t de legal\u00e1bb is nem undok illetve mint l\u00e1thattuk zaklat\u00f3, akkor a vev\u0151 vagy vend\u00e9g sz\u00edvesebben hagyja ott a p\u00e9nz\u00e9t s\u0151t m\u00e1soknak is aj\u00e1nl egy helyet vagy szolg\u00e1ltat\u00e1st. Igen-igen tudom hogy sokan ki\u00e9gnek, \u00e9s h\u00e9tv\u00e9ge van \u00e9s dolgoznak \u00e9s h\u0171v\u00f6s van \u00e9s s\u00edr a gyerek eg\u00e9sz \u00e9jjel \u00e9s let\u00f6rt a m\u0171k\u00f6rme viszont ezzel a munk\u00e1ltat\u00f3nak is \u00e1rtanak \u00e9s k\u00f6zvetetten maguknak is.<\/p>\r\n<p style=\"margin-bottom: 0cm\">A \u201eDialog\u201d-on n\u00e9ha \u00e9n is \u00fagy dolgozom hogy ball\u00e1bbal keltem de ebb\u0151l nem szabad hogy a l\u00e1togat\u00f3 \u00e9szrevegyen egy szikr\u00e1nyit sem, nyilv\u00e1n biztos volt hogy \u00e9rz\u0151d\u00f6tt rajtm hogy f\u00e1radt vagyok vagy \u00e9pp ny\u0171g\u00f6s de \u00e9n meg is szoktam mondani hogy \u201egyerekek legyetek halkaban mert megf\u00e1ztam \u00e9s nincs hangom\u201d.<\/p>\r\n<p style=\"margin-bottom: 0cm\"><\/p>\r\n<p style=\"margin-bottom: 0cm\">Az\u00e9rt nem volt rossz ez a nap, Szuzika megint \u00fcgyes volt \u00e9s megmutatta hogy val\u00f3ban mekkora dr\u00e1ga kincs is \u0151.<\/p>\r\n<p style=\"margin-bottom: 0cm\">Aprop\u00f3 holnap lesz \u0151 7 \u00e9ves majd picit megh\u00fazom a f\u00fcl\u00e9t!:)<\/p>\r\n<p style=\"margin-bottom: 0cm\"><\/p>\r\n<p style=\"margin-bottom: 0cm\"><\/p>\r\n<p style=\"margin-bottom: 0cm\"><a href=\"https:\/\/vakvagta.cafeblog.hu\/files\/2014\/05\/szuzi.jpg\"><img class=\"alignright size-medium wp-image-349\" src=\"https:\/\/vakvagta.cafeblog.hu\/files\/2014\/05\/szuzi-168x300.jpg\" alt=\"Szuzi\" width=\"168\" height=\"300\" \/><\/a><\/p>","type":"rich"}