{"version":"1.0","provider_name":"Vakv\u00e1gta","provider_url":"https:\/\/vakvagta.cafeblog.hu","author_name":"vaszabi","author_url":"https:\/\/vakvagta.cafeblog.hu\/author\/vaszabi-2-2-2-2-2-2-2-2-2-2-2-2-2-2-2-2\/","title":"B\u00e1lint, D\u00e1vid, D\u00e1vid, Szuzi","html":"Term\u00e9szetesen engem sem hagyhat ridegen a nem annyira r\u00e9g \"elz\u00fadult\" Valentin nap de mivel nem szeretn\u00e9k elcs\u00e9pel\u0151dni ez\u00e9rt nagy Vaszabis\u00e1gomban m\u00e1s a megk\u00f6zel\u00edt\u00e9s.\r\nLe kell hogy sz\u00f6gezzem hogy legyen sz\u00f3 b\u00e1rmely \u00fcnnepr\u0151l (egyh\u00e1zi, \u00e1llami vagy \"mag\u00e1n\") \u00fcnnepelni, vid\u00e1mkodni j\u00f3 \u00e9s hogy erre mi szolg\u00e1l indokul majdnem teljesen \u00e9rdektelen sz\u00e1momra. Hold\u00faj\u00e9v? H\u00fasv\u00e9t? A f\u00fcggetlens\u00e9g napja? Sz\u00fclet\u00e9s vagy n\u00e9vnap? Tal\u00e1n csak az \u00fcnnepl\u00e9s m\u00f3dj\u00e1ra van hat\u00e1ssal, a j\u00f3kedvre, a bar\u00e1ti besz\u00e9lget\u00e9sek b\u0151s\u00e9g\u00e9re nem hinn\u00e9m. Ne v\u00e1rj\u00e1tok kedves olvas\u00f3k t\u0151lem hogy nagy ostorcsap\u00e1sokkal illessem a Valentinoz\u00e1st, de azt sem hogy \u0151r\u00fclt romantyik\u00e1val a szerelmesek \u00fcnnep\u00e9t zengjem. Aki szereti \u00e9s van \u00e9rkez\u00e9se \u00fcnnepelje mint szerelmesek \u00fcnnep\u00e9t de tal\u00e1n nem c\u00e9lravezet\u0151 az \u00e9pp p\u00e1rtalanok r\u00e9sz\u00e9r\u0151l a sz\u00e1jh\u00faz\u00e1s \u00e9s az irigyked\u00e9s...\r\nBizony elmondom nektek \u00e9n biza meg\u00fcltem ezt az \u00fcnnepet annak dac\u00e1ra hogy itt szingliskedem. Nem, nem b\u00e9reltem fel senkit magam mell\u00e9 hogy\u00a0 \"naa l\u00e9cci gyere el velem Valentin nap alkalm\u00e1b\u00f3l \u00e9s akkor majd akci\u00f3zunnk egyet fizetsz kett\u0151t vihetsz\", b\u00e1r Szuzi gondoskodott hogy a\u00a0 B\u00e1lintnap ne mondjon cs\u00fct\u00f6rt\u00f6k\u00f6t \u00e9s megaj\u00e1nd\u00e9kozta mag\u00e1t. Amint l\u00e1thatj\u00e1tok sz\u00e9p kis labd\u00e1t tal\u00e1lt mag\u00e1nak amit valahogy elgur\u00edtott egy polc al\u00e1 \u00e9s Szent B\u00e1lint est\u00e9j\u00e9n a laszti el\u0151ker\u00fcl\u00e9se a kutyust \u00fagy felvillanyozta hogy m\u00e9g este is spont\u00e1n m\u00f3don hol a l\u00e1bujjamhoz, hol a f\u00fclemhez vagy oldalamba nyomta a labd\u00e1t. Nem tudom mennyire l\u00e1tszik de elmondan\u00e1m hogy ezen a labd\u00e1n egy Fc Barcelona c\u00edmer van \u00e9s m\u00e9g az el\u0151z\u0151 kutyusommal Pr\u00e9zlivel vett\u00fck Barcelon\u00e1ban\u00a0 h\u00e9t \u00e9vvel ez el\u0151tt \u00e9s ez a j\u00e1t\u00e9k olyan magas min\u0151s\u00e9g\u0171 hogy m\u00e9g mindig funkcion\u00e1l.\r\nInternetr\u0151l \u00e9s egy\u00e9b h\u00edrk\u00f6zegekb\u0151l az\u00e9rt t\u00e1j\u00e9koz\u00f3dtam a B\u00e1lint \u00fcnneppel kapcsolatos dolgokr\u00f3l \u00e9s elk\u00e9pzelhet\u0151 hogy kor\u00e1bban elker\u00fclte a figyelmem de most nem hogy Szent B\u00e1lint egyik b\u00f6rt\u00f6n\u0151r\u00e9nek l\u00e1nya vak volt \u00e9s az isteni Valentin k\u00f6zbenj\u00e1rt annak \u00e9rdek\u00e9ben hogy a h\u00f6lgy l\u00e1thasson, s\u0151t ezt tet\u00e9zve \u00fczenetet is k\u00fcld\u00f6tt neki. Felfigyeltem m\u00e9g egy \"diszkriminat\u00edv\" programra is mely az egyik szegedi m\u00fazeumban ker\u00fclt megrendez\u00e9sre febru\u00e1r h\u00f3 14. napj\u00e1n, a szerelmes p\u00e1rok v\u00e9rnyom\u00e1s\u00e1t \u00e9s pulzus\u00e1t figyelt\u00e9k hogy mi t\u00f6rt\u00e9nik ha egym\u00e1sra n\u00e9znek, az elm\u00e9let azt mondta hogy ez nyugtat\u00f3 hat\u00e1s\u00fa. Nem az\u00e9rt mondom mert Szegeden tart\u00f3zkodtam volna ezen a napon de azzal a gondolattal j\u00e1tszottam el hogy r\u00e1m azt\u00e1n n\u00e9zhet egy l\u00e1ny nagyon sz\u00e9pen csak kiv\u00e9teles helyzetekben siker\u00fcll ezt meg\u00e9reznem de ez \u00e9n sem tudom mit\u0151l f\u00fcgg, ez\u00e9rt ind\u00edtv\u00e1nyozn\u00e1m a program szervez\u0151in\u00e9l hogy ha j\u00f6v\u0151re is gondolkoznak hasonl\u00f3 szervez\u00e9s\u00e9ben akkor kell\u0151en s\u00falyosan l\u00e1t\u00e1ss\u00e9r\u00fclt szem\u00e9ly eset\u00e9n az egym\u00e1s szem\u00e9be n\u00e9z\u00e9s helyett enged\u00e9lyezz\u00e9k a k\u00e9zfog\u00e1st.\r\n\r\nA pulzus \u00e9s a hangulat megn\u00f6vel\u00e9s\u00e9re az\u00e9rt m\u00e1s eszk\u00f6z\u00f6k is l\u00e9teznek \u00e9s nem csup\u00e1n az ember szerelme k\u00e9pes ezt el\u0151id\u00e9zni, p\u00e9nteken is szombaton is egy te\u00e1z\u00f3ban voltam \u00e9s az els\u0151 este v\u00e9g\u00e9n \"valamit\u0151l\" saj\u00e1t magamnak int\u00e9ztem el a pulzussz\u00e1mom megn\u00f6veked\u00e9s\u00e9t mert hatalmas koncentr\u00e1ci\u00f3mban a bankk\u00e1rty\u00e1s fizet\u00e9sn\u00e9l k\u00e9tszer is elrontottam a k\u00f3dom pedig az 5-\u00f6s gomb sz\u00e9pen jel\u00f6lve volt s\u0151t azt is tudtam melyik a \"z\u00f6ld gomb\". Szombaton mondjuk \u00fagy a m\u00e1sik t\u00f6rzshelyemen az okozott emelkedet hangulatot hogy ha egy r\u00f6vid \u00f3r\u00e1ra is de D\u00e1vid bar\u00e1tommal tal\u00e1lkoztam \u00e9s j\u00f3l elbesz\u00e9lgett\u00fcnk vele \u00e9s persze a t\u00f6bbiekkel a vil\u00e1g dolgair\u00f3l, Szuzi r\u00e1 mindig nagy er\u0151kkel ugrik fel s\u0151t egyszer m\u00e1sf\u00e9l \u00e9ve mivel nagyon hideg volt a villamoson a D\u00e1vid \u00f6l\u00e9be \u00fclt. \u00cdgy esett hogy a szerelmek \u00e9s a szerelmesek \u00fcnnep\u00e9b\u0151l a bar\u00e1tok \u00f6sszej\u00f6vetele lett, \u00e9s a bejegyz\u00e9sre k\u00e9sz\u00fcl\u0151dve ennek meger\u0151s\u00edt\u00e9se k\u00e9nt olvastam hogy Valentin napj\u00e1t Finnorsz\u00e1gban a bar\u00e1tok \u00fcnneplik ink\u00e1bb \u00e9s \u0151k k\u00fcld\u00f6zgetnek \u00fczeneteket k\u00e9peslapokat egym\u00e1snak.\r\n\u00c9s hogy a \"n\u00f3ta\" v\u00e9g\u00e9re a c\u00edm is \u00e9rthet\u0151 legyen, m\u00e1sodik D\u00e1vidot tegnap \"gy\u0171jt\u00f6ttem\" be a p\u00e1lyaudvaron mikor is a Gy\u0151rbe j\u00f6v\u0151 vonatomra v\u00e1rtam. Rem\u00e9ltem hogy mint ahogy rendesen a 9. v\u00e1g\u00e1nyr\u00f3l fog indulni mikor is egy fiatalember l\u00e9pett oda hozz\u00e1m \u00e9s ink\u00e1bb k\u00e9rdezte mint kijelentette hogy \"ugye Gy\u0151rbe j\u00f6ssz?\" meglep\u0151dtem hogy honnan tudhatja az \u00fatic\u00e9lom de \u0151 elmondta hogy \u00e9vekkel kor\u00e1bban m\u00e1r egyszer seg\u00edtett mikor nagy rohan\u00e1sban voltunk egy vonatra \u00e9s eml\u00e9kezett r\u00e1m. Most is elk\u00eds\u00e9rt a vonathoz ami meglepet\u00e9sre alacsonypadl\u00f3s gyorsvonat volt \u00e9s egy j\u00f3t besz\u00e9lgett\u00fcnk \u00fatk\u00f6zben, s\u0151t id\u0151k\u00f6zben a fi\u00fa (D\u00e1vid) egyik ismer\u0151se is csatlakozott hozz\u00e1nk a besz\u00e9lget\u00e9st illet\u0151en, s\u0151t ahogy Szuzir\u00f3l besz\u00e9ltem m\u00e9g egy \u00fajabb h\u00f6lgy is oda\u00fclt hozz\u00e1nk aki mint elmondta ter\u00e1pi\u00e1s seg\u00edt\u0151kuty\u00e1kkal foglalkozik.\r\nElmondhatom hogy igaz\u00e1n sz\u00edvmelenget\u0151en siker\u00fclt a Szent B\u00e1lint nap k\u00f6r\u00fcli \u00fcnnepk\u00f6r \u00e9s mintegy megkoron\u00e1z\u00e1s\u00e1ul ennek\u00a0 Szuzit is felk\u00f6sz\u00f6nt\u00f6ttem tegnap n\u00e9vnapja alkalm\u00e1b\u00f3l.\r\n<a href=\"https:\/\/vakvagta.cafeblog.hu\/files\/2013\/02\/Szuzi-fcb.jpg\"><img class=\"alignright size-large wp-image-271\" src=\"https:\/\/vakvagta.cafeblog.hu\/files\/2013\/02\/Szuzi-fcb-450x600.jpg\" alt=\"a dr\u00e1g\u00e1m a Valentin-kor megtal\u00e1lt labd\u00e1j\u00e1val\" width=\"450\" height=\"600\" \/><\/a><a href=\"https:\/\/vakvagta.cafeblog.hu\/files\/2013\/02\/Szuzi-vakon1.jpg\"><img class=\"alignleft size-medium wp-image-272\" src=\"https:\/\/vakvagta.cafeblog.hu\/files\/2013\/02\/Szuzi-vakon1-225x300.jpg\" alt=\"Szuzi  \u00e1ltalam f\u00e9nyk\u00e9pezve\" width=\"225\" height=\"300\" \/><\/a>\r\n\r\n&nbsp;","type":"rich"}